{"id":317,"date":"2016-04-20T17:05:52","date_gmt":"2016-04-20T15:05:52","guid":{"rendered":"http:\/\/villa.o3digital.net\/it\/mentions-legales\/"},"modified":"2016-11-29T11:10:24","modified_gmt":"2016-11-29T10:10:24","slug":"menzioni-legali","status":"publish","type":"page","link":"https:\/\/www.lavillafrancesca.com\/it\/menzioni-legali\/","title":{"rendered":"Menzioni Legali"},"content":{"rendered":"<div class=\"wpb-content-wrapper\"><p>[vc_row][vc_column][vc_column_text]Le site de la Villa Francesca est \u00e9dit\u00e9 par C\u00e9line Pujo[\/vc_column_text][vc_empty_space height=&#8221;20px&#8221;]<div id=\"ultimate-heading-330169f355b6c1188\" class=\"uvc-heading ult-adjust-bottom-margin ultimate-heading-330169f355b6c1188 uvc-926 \" data-hspacer=\"no_spacer\"  data-halign=\"left\" style=\"text-align:left\"><div class=\"uvc-heading-spacer no_spacer\" style=\"top\"><\/div><div class=\"uvc-main-heading ult-responsive\"  data-ultimate-target='.uvc-heading.ultimate-heading-330169f355b6c1188 h2'  data-responsive-json-new='{\"font-size\":\"\",\"line-height\":\"\"}' ><h2 style=\"font-weight:normal;\">A propos du site la Villa Francesca<\/h2><\/div><\/div>[vc_empty_space height=&#8221;20px&#8221;][vc_column_text]Directeur de la publication : C\u00e9line Pujo<\/p>\n<p>Contact : <a href=\"tel:0620281493\">+33 (0)6.20.28.14.93<\/a><\/p>\n<p>H\u00e9bergement : Le pr\u00e9sent site Internet est h\u00e9berg\u00e9 par la soci\u00e9t\u00e9 OVH : 2 rue Kellermann &#8211; 59100 Roubaix &#8211; France.[\/vc_column_text][vc_empty_space height=&#8221;20px&#8221;]<div id=\"ultimate-heading-16869f355b6c1209\" class=\"uvc-heading ult-adjust-bottom-margin ultimate-heading-16869f355b6c1209 uvc-1960 \" data-hspacer=\"no_spacer\"  data-halign=\"left\" style=\"text-align:left\"><div class=\"uvc-heading-spacer no_spacer\" style=\"top\"><\/div><div class=\"uvc-main-heading ult-responsive\"  data-ultimate-target='.uvc-heading.ultimate-heading-16869f355b6c1209 h3'  data-responsive-json-new='{\"font-size\":\"\",\"line-height\":\"\"}' ><h3 style=\"font-weight:normal;\">Responsabilit\u00e9<\/h3><\/div><\/div>[vc_column_text]Les informations contenues dans le site sont n\u00e9cessairement partielles et n\u2019ont aucune valeur contractuelle. La villa Francesca ne sauraient \u00eatre tenues pour responsables des erreurs, d\u2019une absence de disponibilit\u00e9s des informations, exactitudes, mises \u00e0 jour, compl\u00e9tudes et\/ou de la pr\u00e9sence d\u2019un virus sur son site.<\/p>\n<p>De m\u00eame, La villa Francesca ne peut \u00eatre tenu responsable en cas de mauvaise utilisation du service par l\u2019utilisateur ou en cas d\u2019indisponibilit\u00e9 temporaire du service (cas de force majeure, de p\u00e9riode de maintenance ou d\u2019incident technique, quel qu\u2019il soit). Il est express\u00e9ment entendu par l\u2019utilisateur de ce site, qu\u2019en aucun cas, La villa Francesca ne peut \u00eatre tenu responsable des dommages quelconques, directs ou indirects, mat\u00e9riels ou immat\u00e9riels r\u00e9sultant notamment de la consultation et\/ou de l\u2019utilisation de ce site web et des \u00e9ventuels documents en t\u00e9l\u00e9chargement, comme de l\u2019utilisation des informations textuelles ou visuelles, qui auraient pu \u00eatre recueillies et notamment de tout pr\u00e9judice financier ou commercial, de pertes de programmes ou de donn\u00e9es dans son syst\u00e8me d\u2019information.<br \/>\nIl appartient \u00e0 chaque utilisateur de prendre toutes les mesures appropri\u00e9es de fa\u00e7on \u00e0 prot\u00e9ger ses propres donn\u00e9es et\/ou logiciels de la contamination d\u2019\u00e9ventuels virus circulant sur Internet.<\/p>\n<p>En utilisant ce site, l\u2019utilisateur reconna\u00eet avoir eu la possibilit\u00e9 de prendre connaissance de cet avertissement.[\/vc_column_text][vc_empty_space height=&#8221;20px&#8221;]<div id=\"ultimate-heading-967869f355b6c1250\" class=\"uvc-heading ult-adjust-bottom-margin ultimate-heading-967869f355b6c1250 uvc-7359 \" data-hspacer=\"no_spacer\"  data-halign=\"left\" style=\"text-align:left\"><div class=\"uvc-heading-spacer no_spacer\" style=\"top\"><\/div><div class=\"uvc-main-heading ult-responsive\"  data-ultimate-target='.uvc-heading.ultimate-heading-967869f355b6c1250 h3'  data-responsive-json-new='{\"font-size\":\"\",\"line-height\":\"\"}' ><h3 style=\"font-weight:normal;\">Conditions d\u2019acc\u00e8s au site<\/h3><\/div><\/div>[vc_column_text]L\u2019acc\u00e8s au site est gratuit. Les frais d\u2019acc\u00e8s et d\u2019utilisation du r\u00e9seau de t\u00e9l\u00e9communication sont \u00e0 la charge de l\u2019internaute, selon les modalit\u00e9s fix\u00e9es par ses fournisseurs d\u2019acc\u00e8s et op\u00e9rateurs de t\u00e9l\u00e9communication.[\/vc_column_text][vc_empty_space height=&#8221;20px&#8221;]<div id=\"ultimate-heading-725969f355b6c128d\" class=\"uvc-heading ult-adjust-bottom-margin ultimate-heading-725969f355b6c128d uvc-3880 \" data-hspacer=\"no_spacer\"  data-halign=\"left\" style=\"text-align:left\"><div class=\"uvc-heading-spacer no_spacer\" style=\"top\"><\/div><div class=\"uvc-main-heading ult-responsive\"  data-ultimate-target='.uvc-heading.ultimate-heading-725969f355b6c128d h3'  data-responsive-json-new='{\"font-size\":\"\",\"line-height\":\"\"}' ><h3 style=\"font-weight:normal;\">Protection des donn\u00e9es nominatives<\/h3><\/div><\/div>[vc_column_text]Les donn\u00e9es nominatives recueillies sur le site concernant l\u2019internaute ne peuvent \u00eatre utilis\u00e9es que par le propri\u00e9taire du site. La collecte et le traitement de ces informations sont r\u00e9alis\u00e9es conform\u00e9ment aux dispositions de l\u2019article 27 de la loi n\u00b078-17 (loi Informatique et Libert\u00e9) du 6 janvier 1978 qui permettent \u00e0 l\u2019utilisateur du site de disposer d\u2019un droit d\u2019acc\u00e8s et de rectification concernant ces donn\u00e9es aupr\u00e8s de l\u2019\u00e9diteur du site en \u00e9crivant \u00e0 la Villa Francesca, \u00e0 l&#8217;aide du formulaire de contact.<\/p>\n<p>Les utilisateurs du site sont tenus de respecter les dispositions de la loi relative \u00e0 l\u2019informatique, aux fichiers et aux libert\u00e9s, dont la violation est passible de sanctions p\u00e9nales.<\/p>\n<p>Ils doivent notamment s\u2019abstenir, s\u2019agissant des informations nominatives auxquelles ils acc\u00e8dent, de toute collecte, de toute utilisation d\u00e9tourn\u00e9e et, d\u2019une mani\u00e8re g\u00e9n\u00e9rale, de tout acte susceptible de porter atteinte \u00e0 la vie priv\u00e9e ou \u00e0 la r\u00e9putation des personnes.[\/vc_column_text][vc_empty_space height=&#8221;20px&#8221;]<div id=\"ultimate-heading-862269f355b6c12c4\" class=\"uvc-heading ult-adjust-bottom-margin ultimate-heading-862269f355b6c12c4 uvc-8756 \" data-hspacer=\"no_spacer\"  data-halign=\"left\" style=\"text-align:left\"><div class=\"uvc-heading-spacer no_spacer\" style=\"top\"><\/div><div class=\"uvc-main-heading ult-responsive\"  data-ultimate-target='.uvc-heading.ultimate-heading-862269f355b6c12c4 h3'  data-responsive-json-new='{\"font-size\":\"\",\"line-height\":\"\"}' ><h3 style=\"font-weight:normal;\">Cookies<\/h3><\/div><\/div>[vc_column_text]La navigation sur le site de la Villa Francesca est susceptible de provoquer l\u2019installation de cookie(s) sur l\u2019ordinateur de l\u2019utilisateur. Un cookie est un fichier de petite taille, qui ne permet pas l\u2019identification de l\u2019utilisateur, mais qui enregistre des informations relatives \u00e0 la navigation d\u2019un ordinateur sur un site. Les donn\u00e9es ainsi obtenues visent \u00e0 faciliter la navigation ult\u00e9rieure sur le site, et ont \u00e9galement vocation \u00e0 permettre diverses mesures de fr\u00e9quentation.<\/p>\n<p>Le refus d\u2019installation d\u2019un cookie peut entra\u00eener l\u2019impossibilit\u00e9 d\u2019acc\u00e9der \u00e0 certains services. L\u2019utilisateur peut toutefois configurer son ordinateur de la mani\u00e8re suivante, pour refuser l\u2019installation des cookies :<\/p>\n<p>&gt; Sous Internet Explorer : onglet outil (pictogramme en forme de rouage en haut a droite) \/ options internet. Cliquez sur Confidentialit\u00e9 et choisissez Bloquer tous les cookies. Validez sur Ok.<\/p>\n<p>&gt; Sous Firefox : en haut de la fen\u00eatre du navigateur, cliquez sur le bouton Firefox, puis aller dans l\u2019onglet Options. Cliquer sur l\u2019onglet Vie priv\u00e9e. Param\u00e9trez les R\u00e8gles de conservation sur : utiliser les param\u00e8tres personnalis\u00e9s pour l\u2019historique. Enfin d\u00e9cochez-la pour d\u00e9sactiver les cookies.<\/p>\n<p>&gt; Sous Safari : Cliquez en haut \u00e0 droite du navigateur sur le pictogramme de menu (symbolis\u00e9 par un rouage). S\u00e9lectionnez Param\u00e8tres. Cliquez sur Afficher les param\u00e8tres avanc\u00e9s. Dans la section \u00ab Confidentialit\u00e9 \u00bb, cliquez sur Param\u00e8tres de contenu. Dans la section \u00ab Cookies \u00bb, vous pouvez bloquer les cookies.<\/p>\n<p>&gt; Sous Chrome : Cliquez en haut \u00e0 droite du navigateur sur le pictogramme de menu (symbolis\u00e9 par trois lignes horizontales). S\u00e9lectionnez Param\u00e8tres. Cliquez sur Afficher les param\u00e8tres avanc\u00e9s. Dans la section \u00ab Confidentialit\u00e9 \u00bb, cliquez sur pr\u00e9f\u00e9rences. Dans l\u2019onglet \u00ab Confidentialit\u00e9 \u00bb, vous pouvez bloquer les cookies.[\/vc_column_text][vc_empty_space height=&#8221;20px&#8221;]<div id=\"ultimate-heading-644469f355b6c12f7\" class=\"uvc-heading ult-adjust-bottom-margin ultimate-heading-644469f355b6c12f7 uvc-1259 \" data-hspacer=\"no_spacer\"  data-halign=\"left\" style=\"text-align:left\"><div class=\"uvc-heading-spacer no_spacer\" style=\"top\"><\/div><div class=\"uvc-main-heading ult-responsive\"  data-ultimate-target='.uvc-heading.ultimate-heading-644469f355b6c12f7 h3'  data-responsive-json-new='{\"font-size\":\"\",\"line-height\":\"\"}' ><h3 style=\"font-weight:normal;\">Liens hypertextes<\/h3><\/div><\/div>[vc_column_text]La cr\u00e9ation de liens hypertextes vers le site Internet de la Villa Francesca est soumise \u00e0 l\u2019accord pr\u00e9alable du Directeur de la publication du site la Villa Francesca. Les liens hypertextes mis en \u0153uvre en direction d\u2019autres sites Internet ne sauraient engager la responsabilit\u00e9 de la Villa Francesca, celles-ci n\u2019exer\u00e7ant aucun contr\u00f4le sur le contenu de ces sites.[\/vc_column_text][vc_empty_space height=&#8221;20px&#8221;]<div id=\"ultimate-heading-101069f355b6c1329\" class=\"uvc-heading ult-adjust-bottom-margin ultimate-heading-101069f355b6c1329 uvc-9321 \" data-hspacer=\"no_spacer\"  data-halign=\"left\" style=\"text-align:left\"><div class=\"uvc-heading-spacer no_spacer\" style=\"top\"><\/div><div class=\"uvc-main-heading ult-responsive\"  data-ultimate-target='.uvc-heading.ultimate-heading-101069f355b6c1329 h3'  data-responsive-json-new='{\"font-size\":\"\",\"line-height\":\"\"}' ><h3 style=\"font-weight:normal;\">Droit de propri\u00e9t\u00e9 intellectuelle<\/h3><\/div><\/div>[vc_column_text]La structure g\u00e9n\u00e9rale du site Internet\u00a0la Villa Francesca ainsi que l\u2019ensemble des contenus qui y sont diffus\u00e9s (\u00e0 savoir notamment les images, articles, photographies, illustrations, signes distinctifs, logos, marques, vid\u00e9os, interviews, sons et textes, bases de donn\u00e9es) sont prot\u00e9g\u00e9s par la l\u00e9gislation en vigueur en France en mati\u00e8re de propri\u00e9t\u00e9 intellectuelle et notamment le droit d\u2019auteur, le droit voisin, le droit des marques, le droit \u00e0 l\u2019image.<\/p>\n<p>Seule l\u2019utilisation du site Internet la Villa Francesca pour consultation \u00e0 titre personnel est autoris\u00e9e \u00e0 l\u2019exclusion de tout acte d\u2019exploitation.<\/p>\n<p>Les pr\u00e9sentes conditions g\u00e9n\u00e9rales d\u2019utilisation n\u2019entra\u00eenent le transfert d\u2019aucun droit de propri\u00e9t\u00e9 intellectuelle \u00e0 l\u2019utilisateur.<br \/>\nTous les droits de reproduction sont r\u00e9serv\u00e9s, y compris pour les textes, les documents t\u00e9l\u00e9chargeables, les repr\u00e9sentations iconographiques et photographiques.<\/p>\n<p>A ce titre, \u00e0 d\u00e9faut d\u2019autorisation expresse de la Villa Francesca, il est strictement interdit d\u2019exploiter les contenus du site Internet\u00a0la Villa Francesca et notamment de les reproduire, repr\u00e9senter, modifier ou adapter en tout ou partie.[\/vc_column_text][vc_empty_space height=&#8221;20px&#8221;]<div id=\"ultimate-heading-931169f355b6c135a\" class=\"uvc-heading ult-adjust-bottom-margin ultimate-heading-931169f355b6c135a uvc-9677 \" data-hspacer=\"no_spacer\"  data-halign=\"left\" style=\"text-align:left\"><div class=\"uvc-heading-spacer no_spacer\" style=\"top\"><\/div><div class=\"uvc-main-heading ult-responsive\"  data-ultimate-target='.uvc-heading.ultimate-heading-931169f355b6c135a h3'  data-responsive-json-new='{\"font-size\":\"\",\"line-height\":\"\"}' ><h3 style=\"font-weight:normal;\">Droit applicable<\/h3><\/div><\/div>[vc_column_text]Le pr\u00e9sent site est soumis au droit fran\u00e7ais.[\/vc_column_text]<div id=\"ultimate-heading-247769f355b6c1389\" class=\"uvc-heading ult-adjust-bottom-margin ultimate-heading-247769f355b6c1389 uvc-6314 \" data-hspacer=\"no_spacer\"  data-halign=\"left\" style=\"text-align:left\"><div class=\"uvc-heading-spacer no_spacer\" style=\"top\"><\/div><div class=\"uvc-main-heading ult-responsive\"  data-ultimate-target='.uvc-heading.ultimate-heading-247769f355b6c1389 h2'  data-responsive-json-new='{\"font-size\":\"\",\"line-height\":\"\"}' ><h2 style=\"font-weight:normal;\">Cr\u00e9dits photos<\/h2><\/div><\/div>[vc_empty_space height=&#8221;20px&#8221;][vc_column_text]Luigi Muraca, Wikip\u00e9dia[\/vc_column_text][vc_empty_space height=&#8221;20px&#8221;]<div id=\"ultimate-heading-438969f355b6c13b8\" class=\"uvc-heading ult-adjust-bottom-margin ultimate-heading-438969f355b6c13b8 uvc-4251 \" data-hspacer=\"no_spacer\"  data-halign=\"left\" style=\"text-align:left\"><div class=\"uvc-heading-spacer no_spacer\" style=\"top\"><\/div><div class=\"uvc-main-heading ult-responsive\"  data-ultimate-target='.uvc-heading.ultimate-heading-438969f355b6c13b8 h2'  data-responsive-json-new='{\"font-size\":\"\",\"line-height\":\"\"}' ><h2 style=\"font-weight:normal;\">R\u00e9alisation<\/h2><\/div><\/div>[vc_empty_space height=&#8221;20px&#8221;][vc_column_text]<a href=\"https:\/\/o3digital.fr\" target=\"_blank\"><img loading=\"lazy\" decoding=\"async\" class=\"size-full wp-image-440 alignleft\" src=\"https:\/\/www.lavillafrancesca.com\/wp-content\/uploads\/2016\/04\/logo-o3digital.png\" alt=\"logo-o3digital\" width=\"60\" height=\"60\" \/> o3digital agence de cr\u00e9ation de sites internet &#8211; Le Pecq 78230 &#8211; Saint Germain en Laye 78100<\/a>[\/vc_column_text][\/vc_column][\/vc_row]<\/p>\n<\/div>","protected":false},"excerpt":{"rendered":"<p>[vc_row][vc_column][vc_column_text]Le site de la Villa Francesca est \u00e9dit\u00e9 par C\u00e9line Pujo[\/vc_column_text][vc_empty_space height=&#8221;20px&#8221;][vc_empty_space height=&#8221;20px&#8221;][vc_column_text]Directeur de la publication : C\u00e9line Pujo Contact : +33 (0)6.20.28.14.93 H\u00e9bergement : Le pr\u00e9sent site Internet est h\u00e9berg\u00e9 par la soci\u00e9t\u00e9 OVH : 2 rue Kellermann &#8211; 59100 Roubaix &#8211; France.[\/vc_column_text][vc_empty_space height=&#8221;20px&#8221;][vc_column_text]Les informations contenues dans le site sont n\u00e9cessairement partielles et n\u2019ont&hellip;<\/p>\n","protected":false},"author":1,"featured_media":0,"parent":0,"menu_order":100,"comment_status":"closed","ping_status":"closed","template":"","meta":{"footnotes":""},"class_list":["post-317","page","type-page","status-publish","hentry","description-off"],"yoast_head":"<!-- This site is optimized with the Yoast SEO plugin v27.5 - https:\/\/yoast.com\/product\/yoast-seo-wordpress\/ -->\n<title>Menzioni Legali - Villa Francesca<\/title>\n<meta name=\"robots\" content=\"index, follow, max-snippet:-1, max-image-preview:large, max-video-preview:-1\" \/>\n<link rel=\"canonical\" href=\"https:\/\/www.lavillafrancesca.com\/it\/menzioni-legali\/\" \/>\n<meta property=\"og:locale\" content=\"it_IT\" \/>\n<meta property=\"og:type\" content=\"article\" \/>\n<meta property=\"og:title\" content=\"Menzioni Legali - Villa Francesca\" \/>\n<meta property=\"og:description\" content=\"[vc_row][vc_column][vc_column_text]Le site de la Villa Francesca est \u00e9dit\u00e9 par C\u00e9line Pujo[\/vc_column_text][vc_empty_space height=&#8221;20px&#8221;][vc_empty_space height=&#8221;20px&#8221;][vc_column_text]Directeur de la publication : C\u00e9line Pujo Contact : +33 (0)6.20.28.14.93 H\u00e9bergement : Le pr\u00e9sent site Internet est h\u00e9berg\u00e9 par la soci\u00e9t\u00e9 OVH : 2 rue Kellermann &#8211; 59100 Roubaix &#8211; France.[\/vc_column_text][vc_empty_space height=&#8221;20px&#8221;][vc_column_text]Les informations contenues dans le site sont n\u00e9cessairement partielles et n\u2019ont&hellip;\" \/>\n<meta property=\"og:url\" content=\"https:\/\/www.lavillafrancesca.com\/it\/menzioni-legali\/\" \/>\n<meta property=\"og:site_name\" content=\"Villa Francesca\" \/>\n<meta property=\"article:modified_time\" content=\"2016-11-29T10:10:24+00:00\" \/>\n<meta property=\"og:image\" content=\"https:\/\/www.lavillafrancesca.com\/wp-content\/uploads\/2016\/04\/logo-o3digital.png\" \/>\n\t<meta property=\"og:image:width\" content=\"60\" \/>\n\t<meta property=\"og:image:height\" content=\"60\" \/>\n\t<meta property=\"og:image:type\" content=\"image\/png\" \/>\n<meta name=\"twitter:card\" content=\"summary_large_image\" \/>\n<meta name=\"twitter:label1\" content=\"Tempo di lettura stimato\" \/>\n\t<meta name=\"twitter:data1\" content=\"7 minuti\" \/>\n<script type=\"application\/ld+json\" class=\"yoast-schema-graph\">{\"@context\":\"https:\\\/\\\/schema.org\",\"@graph\":[{\"@type\":\"WebPage\",\"@id\":\"https:\\\/\\\/www.lavillafrancesca.com\\\/it\\\/menzioni-legali\\\/\",\"url\":\"https:\\\/\\\/www.lavillafrancesca.com\\\/it\\\/menzioni-legali\\\/\",\"name\":\"Menzioni Legali - Villa Francesca\",\"isPartOf\":{\"@id\":\"https:\\\/\\\/www.lavillafrancesca.com\\\/it\\\/#website\"},\"primaryImageOfPage\":{\"@id\":\"https:\\\/\\\/www.lavillafrancesca.com\\\/it\\\/menzioni-legali\\\/#primaryimage\"},\"image\":{\"@id\":\"https:\\\/\\\/www.lavillafrancesca.com\\\/it\\\/menzioni-legali\\\/#primaryimage\"},\"thumbnailUrl\":\"https:\\\/\\\/www.lavillafrancesca.com\\\/wp-content\\\/uploads\\\/2016\\\/04\\\/logo-o3digital.png\",\"datePublished\":\"2016-04-20T15:05:52+00:00\",\"dateModified\":\"2016-11-29T10:10:24+00:00\",\"breadcrumb\":{\"@id\":\"https:\\\/\\\/www.lavillafrancesca.com\\\/it\\\/menzioni-legali\\\/#breadcrumb\"},\"inLanguage\":\"it-IT\",\"potentialAction\":[{\"@type\":\"ReadAction\",\"target\":[\"https:\\\/\\\/www.lavillafrancesca.com\\\/it\\\/menzioni-legali\\\/\"]}]},{\"@type\":\"ImageObject\",\"inLanguage\":\"it-IT\",\"@id\":\"https:\\\/\\\/www.lavillafrancesca.com\\\/it\\\/menzioni-legali\\\/#primaryimage\",\"url\":\"https:\\\/\\\/www.lavillafrancesca.com\\\/wp-content\\\/uploads\\\/2016\\\/04\\\/logo-o3digital.png\",\"contentUrl\":\"https:\\\/\\\/www.lavillafrancesca.com\\\/wp-content\\\/uploads\\\/2016\\\/04\\\/logo-o3digital.png\"},{\"@type\":\"BreadcrumbList\",\"@id\":\"https:\\\/\\\/www.lavillafrancesca.com\\\/it\\\/menzioni-legali\\\/#breadcrumb\",\"itemListElement\":[{\"@type\":\"ListItem\",\"position\":1,\"name\":\"Accueil\",\"item\":\"https:\\\/\\\/www.lavillafrancesca.com\\\/it\\\/\"},{\"@type\":\"ListItem\",\"position\":2,\"name\":\"Menzioni Legali\"}]},{\"@type\":\"WebSite\",\"@id\":\"https:\\\/\\\/www.lavillafrancesca.com\\\/it\\\/#website\",\"url\":\"https:\\\/\\\/www.lavillafrancesca.com\\\/it\\\/\",\"name\":\"Villa Francesca\",\"description\":\"Location de villa de prestige avec piscine en Italie\",\"potentialAction\":[{\"@type\":\"SearchAction\",\"target\":{\"@type\":\"EntryPoint\",\"urlTemplate\":\"https:\\\/\\\/www.lavillafrancesca.com\\\/it\\\/?s={search_term_string}\"},\"query-input\":{\"@type\":\"PropertyValueSpecification\",\"valueRequired\":true,\"valueName\":\"search_term_string\"}}],\"inLanguage\":\"it-IT\"}]}<\/script>\n<!-- \/ Yoast SEO plugin. -->","yoast_head_json":{"title":"Menzioni Legali - Villa Francesca","robots":{"index":"index","follow":"follow","max-snippet":"max-snippet:-1","max-image-preview":"max-image-preview:large","max-video-preview":"max-video-preview:-1"},"canonical":"https:\/\/www.lavillafrancesca.com\/it\/menzioni-legali\/","og_locale":"it_IT","og_type":"article","og_title":"Menzioni Legali - Villa Francesca","og_description":"[vc_row][vc_column][vc_column_text]Le site de la Villa Francesca est \u00e9dit\u00e9 par C\u00e9line Pujo[\/vc_column_text][vc_empty_space height=&#8221;20px&#8221;][vc_empty_space height=&#8221;20px&#8221;][vc_column_text]Directeur de la publication : C\u00e9line Pujo Contact : +33 (0)6.20.28.14.93 H\u00e9bergement : Le pr\u00e9sent site Internet est h\u00e9berg\u00e9 par la soci\u00e9t\u00e9 OVH : 2 rue Kellermann &#8211; 59100 Roubaix &#8211; France.[\/vc_column_text][vc_empty_space height=&#8221;20px&#8221;][vc_column_text]Les informations contenues dans le site sont n\u00e9cessairement partielles et n\u2019ont&hellip;","og_url":"https:\/\/www.lavillafrancesca.com\/it\/menzioni-legali\/","og_site_name":"Villa Francesca","article_modified_time":"2016-11-29T10:10:24+00:00","og_image":[{"width":60,"height":60,"url":"https:\/\/www.lavillafrancesca.com\/wp-content\/uploads\/2016\/04\/logo-o3digital.png","type":"image\/png"}],"twitter_card":"summary_large_image","twitter_misc":{"Tempo di lettura stimato":"7 minuti"},"schema":{"@context":"https:\/\/schema.org","@graph":[{"@type":"WebPage","@id":"https:\/\/www.lavillafrancesca.com\/it\/menzioni-legali\/","url":"https:\/\/www.lavillafrancesca.com\/it\/menzioni-legali\/","name":"Menzioni Legali - Villa Francesca","isPartOf":{"@id":"https:\/\/www.lavillafrancesca.com\/it\/#website"},"primaryImageOfPage":{"@id":"https:\/\/www.lavillafrancesca.com\/it\/menzioni-legali\/#primaryimage"},"image":{"@id":"https:\/\/www.lavillafrancesca.com\/it\/menzioni-legali\/#primaryimage"},"thumbnailUrl":"https:\/\/www.lavillafrancesca.com\/wp-content\/uploads\/2016\/04\/logo-o3digital.png","datePublished":"2016-04-20T15:05:52+00:00","dateModified":"2016-11-29T10:10:24+00:00","breadcrumb":{"@id":"https:\/\/www.lavillafrancesca.com\/it\/menzioni-legali\/#breadcrumb"},"inLanguage":"it-IT","potentialAction":[{"@type":"ReadAction","target":["https:\/\/www.lavillafrancesca.com\/it\/menzioni-legali\/"]}]},{"@type":"ImageObject","inLanguage":"it-IT","@id":"https:\/\/www.lavillafrancesca.com\/it\/menzioni-legali\/#primaryimage","url":"https:\/\/www.lavillafrancesca.com\/wp-content\/uploads\/2016\/04\/logo-o3digital.png","contentUrl":"https:\/\/www.lavillafrancesca.com\/wp-content\/uploads\/2016\/04\/logo-o3digital.png"},{"@type":"BreadcrumbList","@id":"https:\/\/www.lavillafrancesca.com\/it\/menzioni-legali\/#breadcrumb","itemListElement":[{"@type":"ListItem","position":1,"name":"Accueil","item":"https:\/\/www.lavillafrancesca.com\/it\/"},{"@type":"ListItem","position":2,"name":"Menzioni Legali"}]},{"@type":"WebSite","@id":"https:\/\/www.lavillafrancesca.com\/it\/#website","url":"https:\/\/www.lavillafrancesca.com\/it\/","name":"Villa Francesca","description":"Location de villa de prestige avec piscine en Italie","potentialAction":[{"@type":"SearchAction","target":{"@type":"EntryPoint","urlTemplate":"https:\/\/www.lavillafrancesca.com\/it\/?s={search_term_string}"},"query-input":{"@type":"PropertyValueSpecification","valueRequired":true,"valueName":"search_term_string"}}],"inLanguage":"it-IT"}]}},"_links":{"self":[{"href":"https:\/\/www.lavillafrancesca.com\/it\/wp-json\/wp\/v2\/pages\/317","targetHints":{"allow":["GET"]}}],"collection":[{"href":"https:\/\/www.lavillafrancesca.com\/it\/wp-json\/wp\/v2\/pages"}],"about":[{"href":"https:\/\/www.lavillafrancesca.com\/it\/wp-json\/wp\/v2\/types\/page"}],"author":[{"embeddable":true,"href":"https:\/\/www.lavillafrancesca.com\/it\/wp-json\/wp\/v2\/users\/1"}],"replies":[{"embeddable":true,"href":"https:\/\/www.lavillafrancesca.com\/it\/wp-json\/wp\/v2\/comments?post=317"}],"version-history":[{"count":3,"href":"https:\/\/www.lavillafrancesca.com\/it\/wp-json\/wp\/v2\/pages\/317\/revisions"}],"predecessor-version":[{"id":543,"href":"https:\/\/www.lavillafrancesca.com\/it\/wp-json\/wp\/v2\/pages\/317\/revisions\/543"}],"wp:attachment":[{"href":"https:\/\/www.lavillafrancesca.com\/it\/wp-json\/wp\/v2\/media?parent=317"}],"curies":[{"name":"wp","href":"https:\/\/api.w.org\/{rel}","templated":true}]}}